{"version":"1.0","provider_name":"Agrupamento de Escolas de Vale D&#039;Este","provider_url":"https:\/\/aevaledeste.pt\/site\/en","author_name":"Agrupamento de Escolas De Vale D'Este","author_url":"https:\/\/aevaledeste.pt\/site\/en\/author\/aeve\/","title":"A comemorar o Dia da Atividade F\u00edsica - Agrupamento de Escolas de Vale D&#039;Este","type":"rich","width":600,"height":338,"html":"<blockquote class=\"wp-embedded-content\" data-secret=\"o551dnrrmx\"><a href=\"https:\/\/aevaledeste.pt\/site\/en\/a-comemorar-o-dia-da-atividade-fisica\/\">A comemorar o Dia da Atividade F\u00edsica<\/a><\/blockquote><iframe sandbox=\"allow-scripts\" security=\"restricted\" src=\"https:\/\/aevaledeste.pt\/site\/en\/a-comemorar-o-dia-da-atividade-fisica\/embed\/#?secret=o551dnrrmx\" width=\"600\" height=\"338\" title=\"&#8220;A comemorar o Dia da Atividade F\u00edsica&#8221; &#8212; Agrupamento de Escolas de Vale D&#039;Este\" data-secret=\"o551dnrrmx\" frameborder=\"0\" marginwidth=\"0\" marginheight=\"0\" scrolling=\"no\" class=\"wp-embedded-content\"><\/iframe><script type=\"text\/javascript\">\n\/* <![CDATA[ *\/\n\/*! This file is auto-generated *\/\n!function(d,l){\"use strict\";l.querySelector&&d.addEventListener&&\"undefined\"!=typeof URL&&(d.wp=d.wp||{},d.wp.receiveEmbedMessage||(d.wp.receiveEmbedMessage=function(e){var t=e.data;if((t||t.secret||t.message||t.value)&&!\/[^a-zA-Z0-9]\/.test(t.secret)){for(var s,r,n,a=l.querySelectorAll('iframe[data-secret=\"'+t.secret+'\"]'),o=l.querySelectorAll('blockquote[data-secret=\"'+t.secret+'\"]'),c=new RegExp(\"^https?:$\",\"i\"),i=0;i<o.length;i++)o[i].style.display=\"none\";for(i=0;i<a.length;i++)s=a[i],e.source===s.contentWindow&&(s.removeAttribute(\"style\"),\"height\"===t.message?(1e3<(r=parseInt(t.value,10))?r=1e3:~~r<200&&(r=200),s.height=r):\"link\"===t.message&&(r=new URL(s.getAttribute(\"src\")),n=new URL(t.value),c.test(n.protocol))&&n.host===r.host&&l.activeElement===s&&(d.top.location.href=t.value))}},d.addEventListener(\"message\",d.wp.receiveEmbedMessage,!1),l.addEventListener(\"DOMContentLoaded\",function(){for(var e,t,s=l.querySelectorAll(\"iframe.wp-embedded-content\"),r=0;r<s.length;r++)(t=(e=s[r]).getAttribute(\"data-secret\"))||(t=Math.random().toString(36).substring(2,12),e.src+=\"#?secret=\"+t,e.setAttribute(\"data-secret\",t)),e.contentWindow.postMessage({message:\"ready\",secret:t},\"*\")},!1)))}(window,document);\n\/\/# sourceURL=https:\/\/aevaledeste.pt\/site\/wp-includes\/js\/wp-embed.min.js\n\/* ]]> *\/\n<\/script>","description":"Escola EB de ViatodosAtividade: A comemorar o Dia da Atividade F\u00edsicaData: 09\/04\/2024Anos de Escolaridade: todos As nossas crian\u00e7as participaram numa aula de Educa\u00e7\u00e3o F\u00edsica ministrada pelo professor V\u00edtor do ViaSaud\u00e1vel Fitness Club.Ao som de m\u00fasicas que as crian\u00e7as bem conhecem, os alunos realizaram exerc\u00edcios de&nbsp;&hellip;","thumbnail_url":"https:\/\/aevaledeste.pt\/site\/wp-content\/uploads\/2024\/04\/c4c78b7b-cddd-47cf-bc87-95f02b518afa.jpg","thumbnail_width":1600,"thumbnail_height":1200}